{"id":1813,"date":"2020-05-13T11:50:29","date_gmt":"2020-05-13T09:50:29","guid":{"rendered":"https:\/\/www.bestronger.be\/?page_id=1813"},"modified":"2021-10-29T09:20:55","modified_gmt":"2021-10-29T07:20:55","slug":"immo-pack","status":"publish","type":"page","link":"https:\/\/www.bestronger.be\/fr\/immo-pack\/","title":{"rendered":"IMMO PACK by BE STRONGER"},"content":{"rendered":"<div class=\"wpb-content-wrapper\"><p>[vc_row css=&#8221;.vc_custom_1574341858858{padding-top: 90px !important;padding-bottom: 20px !important;}&#8221;][vc_column animate=&#8221;fadeinup&#8221; delay=&#8221;0.5&#8243; duration=&#8221;0.5&#8243;]\n\t<!-- Element: OT Heading --> \t \n\t<h2 class=\"ot_custom_heading  \" style=\"font-size: 20px;text-align: center;\" >VOTRE COPROPRIETE MERITE UNE PROTECTION \u00ab ALL INCLUSIVE \u00bb<\/h2>\t\n[vc_column_text]<strong>IMMO PACK<\/strong> est destin\u00e9 aux propri\u00e9taires et aux syndics exigeants, qui accordent de l\u2019importance \u00e0 la pr\u00e9servation de leurs immeubles et de leur patrimoine, mais aussi \u00e0 la gestion efficace de la copropri\u00e9t\u00e9 dont ils ont la charge.<\/p>\n<p>De nombreux \u00e9v\u00e8nements d\u2019origines diverses peuvent affecter votre b\u00e2timent (habitations, commerces et bureaux). Ils vous exposent \u00e0 un important risque financier.<\/p>\n<p><strong>En tant que professionnels sp\u00e9cialis\u00e9s<\/strong> dans la protection des immeubles, nous disposons d\u2019une connaissance parfaite des risques auxquels les copropri\u00e9t\u00e9s sont expos\u00e9es, de m\u00eame que les personnes qui les occupent et les g\u00e8rent. C\u2019est avec le souci de la perfection que les courtiers BE STRONGER ont \u00e9labor\u00e9 un programme sur-mesure exclusif et tr\u00e8s avantageux. Il offre, aux meilleures conditions, la plus large couverture du march\u00e9 <strong>et des garanties sp\u00e9cifiques<\/strong> dans l\u2019int\u00e9r\u00eat commun de l\u2019ensemble des copropri\u00e9taires, des occupants et de ceux qui sont charg\u00e9s de la gestion.<\/p>\n<p>B\u00e9n\u00e9ficier \u00e0 tout moment d\u2019une couverture parfaite, anticiper les nouvelles exigences l\u00e9gales, \u00eatre <strong>efficacement d\u00e9fendu et rapidement indemnis\u00e9<\/strong>, c\u2019est la promesse du pack IMMO PACK gr\u00e2ce aux conditions avantageuses n\u00e9goci\u00e9es avec les compagnies d\u2019assurances et aux conseils avis\u00e9s de votre courtier professionnel sp\u00e9cialis\u00e9.[\/vc_column_text][\/vc_column][\/vc_row][vc_row img_halfrow=&#8221;yes&#8221; halfrow_image=&#8221;1850&#8243; img_columns=&#8221;5columns&#8221; img_position=&#8221;imgleft&#8221; css=&#8221;.vc_custom_1590423185765{background-color: #f9f9f9 !important;}&#8221;][vc_column width=&#8221;1\/2&#8243; animate=&#8221;fadinright&#8221; delay=&#8221;0.5&#8243; duration=&#8221;0.5&#8243; offset=&#8221;vc_col-lg-offset-6 vc_col-md-offset-6&#8243;]\n\t<!-- Element: OT Heading --> \t \n\t<h2 class=\"ot_custom_heading  \" style=\"font-size: 20px;\" >EN PLUS DES GARANTIES LES PLUS \u00c9TENDUES D\u2019UN CONTRAT D\u2019ASSURANCE INCENDIE, IMMO PACK VOUS PERMET DE COUVRIR :<\/h2>\t\n[vc_column_text]<\/p>\n<ul>\n<li>la responsabilit\u00e9 civile \u00e0 l\u2019\u00e9gard des tiers,<\/li>\n<li>l\u2019assurance accident du travail \u00e9tendue \u00e0 l\u2019accident survenant aux b\u00e9n\u00e9voles,<\/li>\n<li>le bris des installations techniques,<\/li>\n<li>une protection juridique.<\/li>\n<\/ul>\n<p>[\/vc_column_text][\/vc_column][\/vc_row][vc_row img_halfrow=&#8221;yes&#8221; halfrow_image=&#8221;1848&#8243; img_columns=&#8221;5columns&#8221; img_position=&#8221;imgright&#8221;][vc_column width=&#8221;1\/2&#8243; animate=&#8221;fadeinleft&#8221; delay=&#8221;0.5&#8243; duration=&#8221;0.5&#8243;]\n\t<!-- Element: OT Heading --> \t \n\t<h2 class=\"ot_custom_heading  \" style=\"font-size: 20px;\" >EN QUOI IMMO PACK SE DISTINGUE-T-IL DES ASSURANCES TRADITIONNELLES ?<\/h2>\t\n[vc_column_text]<\/p>\n<ul>\n<li>une assurance \u00ab TOUS RISQUES SAUF \u00bb;<\/li>\n<li>assurance de l\u2019immeuble <strong>sans limitation de montant et sans r\u00e8gle proportionnelle<\/strong> apr\u00e8s \u00e9valuation;<\/li>\n<li>majoration des indemnit\u00e9s de reconstruction par suite de nouvelles <strong>exigences urbanistiques ou normes \u00e9nerg\u00e9tiques<\/strong>;<\/li>\n<li>la couverture sans limitation particuli\u00e8re des jardins terrasses, cl\u00f4tures, piscines, &#8230; ainsi que des <strong>panneaux photovoltaiques<\/strong> et tout mat\u00e9riau destin\u00e9 \u00e0 convertir l\u2019\u00e9nergie solaire en \u00e9lectricit\u00e9;<\/li>\n<li>pas d\u2019exigence de vitesse minimale pour la temp\u00eate;<\/li>\n<li>remplacement des serrures suite \u00e0 vol, y compris en cas de <strong>perte de cl\u00e9s<\/strong>;<\/li>\n<li>Indemnisation du ch\u00f4mage immobilier du jour du sinistre \u00e0 la remise en \u00e9tat;<\/li>\n<li>Prise en compte de la <strong>moins-value esth\u00e9tique<\/strong> aux biens assur\u00e9s par suite de sinistre couvert.<\/li>\n<\/ul>\n<p>[\/vc_column_text][\/vc_column][\/vc_row][vc_row css=&#8221;.vc_custom_1635492053245{padding-top: 70px !important;padding-bottom: 90px !important;background-color: #f9f9f9 !important;}&#8221; el_class=&#8221;pop-fr&#8221;][vc_column animate=&#8221;fadeinup&#8221; delay=&#8221;0.5&#8243; duration=&#8221;0.5&#8243;]\n\t<!-- Element: OT Heading --> \t \n\t<h3 class=\"ot_custom_heading  \" style=\"\" >DES EXTENSIONS <strong>SANS MAJORATION DE PRIME:<strong><\/h3>\t\n[vc_column_text]\u00a0<\/strong><\/strong><\/p>\n<ul>\n<li>Indemnisation des <strong>frais de syndics<\/strong><\/li>\n<li>Majoration forfaitaire de 10% de l\u2019indemnit\u00e9 pour les frais divers de la copropri\u00e9t\u00e9<\/li>\n<li>Couverture automatique des <strong>am\u00e9liorations immobili\u00e8res apport\u00e9es<\/strong> par les propri\u00e9taires<\/li>\n<li>Assurance d\u00e9c\u00e8s, invalidit\u00e9 ou frais de traitement\/hospitalisation<\/li>\n<li>Indemnisation de la <strong>perte \u00e9conomique<\/strong> due au non fonctionnement des \u00e9quipements de production \u00e9lectrique suite \u00e0 sinistre<\/li>\n<li>Frais de remise en \u00e9tat du jardin ainsi que le <strong>vol de plantations<\/strong> et de contenu appartenant \u00e0 la copropri\u00e9t\u00e9<\/li>\n<li>Bris de vitrages :\n<ul>\n<li>suite aux <strong>vols supersoniques<\/strong><\/li>\n<li>l\u2019opacit\u00e9 des vitrages<\/li>\n<\/ul>\n<\/li>\n<\/ul>\n<p>[\/vc_column_text][\/vc_column][\/vc_row][vc_row img_halfrow=&#8221;yes&#8221; halfrow_image=&#8221;1846&#8243; img_columns=&#8221;5columns&#8221; img_position=&#8221;imgleft&#8221;][vc_column width=&#8221;1\/2&#8243; animate=&#8221;fadinright&#8221; delay=&#8221;0.5&#8243; duration=&#8221;0.5&#8243; offset=&#8221;vc_col-lg-offset-6 vc_col-md-offset-6&#8243;]\n\t<!-- Element: OT Heading --> \t \n\t<h2 class=\"ot_custom_heading  \" style=\"font-size: 20px;\" >ET VOUS MET \u00c0 L\u2019ABRI DE TOUS LES SOUCIS :<\/h2>\t\n[vc_column_text]<\/p>\n<ul>\n<li>Clause <strong>b\u00e9n\u00e9fice du doute<\/strong> : en cas d\u2019impr\u00e9cision dans une clause\/garantie, l\u2019interpr\u00e9tation la plus favorable \u00e0 l\u2019assur\u00e9 sera appliqu\u00e9e<\/li>\n<li>Couverture des <strong>d\u00e9g\u00e2ts caus\u00e9s par les forces publiques<\/strong> y compris en l\u2019absence de sinistre couvert<\/li>\n<li>Indemnisation des frais de recherche et de r\u00e9paration <strong>y compris en l\u2019absence de sinistre couvert<\/strong><\/li>\n<li>Une assistance large incluant les <strong>frais de relogement<\/strong><\/li>\n<\/ul>\n<p>[\/vc_column_text][\/vc_column][\/vc_row][vc_row css=&#8221;.vc_custom_1599752844288{padding-top: 80px !important;padding-bottom: 60px !important;}&#8221;][vc_column width=&#8221;2\/3&#8243; offset=&#8221;vc_col-lg-offset-2 vc_col-md-offset-2 vc_col-sm-offset-2&#8243;][vc_raw_html]JTNDaWZyYW1lJTIwd2lkdGglM0QlMjI1NjAlMjIlMjBoZWlnaHQlM0QlMjIzMTUlMjIlMjBzcmMlM0QlMjJodHRwcyUzQSUyRiUyRnd3dy55b3V0dWJlLmNvbSUyRmVtYmVkJTJGeVktQVN2T0JCU0UlM0ZyZWwlM0QwJTIyJTIwZnJhbWVib3JkZXIlM0QlMjIwJTIyJTIwYWxsb3clM0QlMjJhY2NlbGVyb21ldGVyJTNCJTIwYXV0b3BsYXklM0IlMjBjbGlwYm9hcmQtd3JpdGUlM0IlMjBlbmNyeXB0ZWQtbWVkaWElM0IlMjBneXJvc2NvcGUlM0IlMjBwaWN0dXJlLWluLXBpY3R1cmUlMjIlMjBhbGxvd2Z1bGxzY3JlZW4lM0UlM0MlMkZpZnJhbWUlM0U=[\/vc_raw_html][\/vc_column][\/vc_row][vc_row css=&#8221;.vc_custom_1589364158714{padding-top: 60px !important;padding-bottom: 60px !important;background-color: #f9f9f9 !important;}&#8221;][vc_column width=&#8221;1\/2&#8243; animate=&#8221;fadeinleft&#8221; delay=&#8221;0.5&#8243; duration=&#8221;0.5&#8243;]\n\t<!-- Element: OT Heading --> \t \n\t<h4 class=\"ot_custom_heading  \" style=\"text-align: right;\" >Plus d'information ?<\/h4>\t\n[\/vc_column][vc_column width=&#8221;1\/2&#8243; animate=&#8221;fadinright&#8221; delay=&#8221;0.5&#8243; duration=&#8221;0.5&#8243;]\t\t\t\n\t<!-- Element: OT Button --> \n\t\t\t<a href=\"\/contact\" target=\"_self\" class=\"btn btn-line-black btn-big  button-black\">Prendre contact<\/a>\n\t    \n[\/vc_column][\/vc_row][vc_row css=&#8221;.vc_custom_1589368173114{padding-top: 15px !important;}&#8221;][vc_column][vc_column_text]<em><span class=\"m_-4862651242512605767A2\">Note : ce document est une pr\u00e9sentation g\u00e9n\u00e9rale du produit; il ne remplace pas les conditions g\u00e9n\u00e9rales et particuli\u00e8res.<\/span><\/em>[\/vc_column_text][\/vc_column][\/vc_row]<\/p>\n<\/div>","protected":false},"excerpt":{"rendered":"<p>[vc_row css=&#8221;.vc_custom_1574341858858{padding-top: 90px !important;padding-bottom: 20px !important;}&#8221;][vc_column animate=&#8221;fadeinup&#8221; delay=&#8221;0.5&#8243; duration=&#8221;0.5&#8243;][vc_column_text]IMMO PACK est destin\u00e9 aux propri\u00e9taires et aux syndics exigeants, qui accordent de l\u2019importance \u00e0 la pr\u00e9servation de leurs immeubles et de leur patrimoine, mais aussi \u00e0 la gestion efficace de la copropri\u00e9t\u00e9 dont ils ont la charge. De nombreux \u00e9v\u00e8nements d\u2019origines diverses peuvent affecter votre b\u00e2timent [&hellip;]<\/p>\n","protected":false},"author":1,"featured_media":0,"parent":0,"menu_order":0,"comment_status":"closed","ping_status":"closed","template":"page-templates\/template-fullwidth.php","meta":{"footnotes":""},"class_list":["post-1813","page","type-page","status-publish","hentry"],"yoast_head":"<!-- This site is optimized with the Yoast SEO plugin v27.3 - https:\/\/yoast.com\/product\/yoast-seo-wordpress\/ -->\n<title>IMMO PACK by BE STRONGER - BESTRONGER<\/title>\n<meta name=\"robots\" content=\"index, follow, max-snippet:-1, max-image-preview:large, max-video-preview:-1\" \/>\n<link rel=\"canonical\" href=\"https:\/\/www.bestronger.be\/fr\/immo-pack\/\" \/>\n<meta property=\"og:locale\" content=\"fr_FR\" \/>\n<meta property=\"og:type\" content=\"article\" \/>\n<meta property=\"og:title\" content=\"IMMO PACK by BE STRONGER - BESTRONGER\" \/>\n<meta property=\"og:description\" content=\"[vc_row css=&#8221;.vc_custom_1574341858858{padding-top: 90px !important;padding-bottom: 20px !important;}&#8221;][vc_column animate=&#8221;fadeinup&#8221; delay=&#8221;0.5&#8243; duration=&#8221;0.5&#8243;][vc_column_text]IMMO PACK est destin\u00e9 aux propri\u00e9taires et aux syndics exigeants, qui accordent de l\u2019importance \u00e0 la pr\u00e9servation de leurs immeubles et de leur patrimoine, mais aussi \u00e0 la gestion efficace de la copropri\u00e9t\u00e9 dont ils ont la charge. De nombreux \u00e9v\u00e8nements d\u2019origines diverses peuvent affecter votre b\u00e2timent [&hellip;]\" \/>\n<meta property=\"og:url\" content=\"https:\/\/www.bestronger.be\/fr\/immo-pack\/\" \/>\n<meta property=\"og:site_name\" content=\"BESTRONGER\" \/>\n<meta property=\"article:modified_time\" content=\"2021-10-29T07:20:55+00:00\" \/>\n<meta name=\"twitter:card\" content=\"summary_large_image\" \/>\n<meta name=\"twitter:label1\" content=\"Dur\u00e9e de lecture estim\u00e9e\" \/>\n\t<meta name=\"twitter:data1\" content=\"3 minutes\" \/>\n<script type=\"application\/ld+json\" class=\"yoast-schema-graph\">{\"@context\":\"https:\\\/\\\/schema.org\",\"@graph\":[{\"@type\":\"WebPage\",\"@id\":\"https:\\\/\\\/www.bestronger.be\\\/fr\\\/immo-pack\\\/\",\"url\":\"https:\\\/\\\/www.bestronger.be\\\/fr\\\/immo-pack\\\/\",\"name\":\"IMMO PACK by BE STRONGER - BESTRONGER\",\"isPartOf\":{\"@id\":\"https:\\\/\\\/www.bestronger.be\\\/fr\\\/#website\"},\"datePublished\":\"2020-05-13T09:50:29+00:00\",\"dateModified\":\"2021-10-29T07:20:55+00:00\",\"breadcrumb\":{\"@id\":\"https:\\\/\\\/www.bestronger.be\\\/fr\\\/immo-pack\\\/#breadcrumb\"},\"inLanguage\":\"fr-FR\",\"potentialAction\":[{\"@type\":\"ReadAction\",\"target\":[\"https:\\\/\\\/www.bestronger.be\\\/fr\\\/immo-pack\\\/\"]}]},{\"@type\":\"BreadcrumbList\",\"@id\":\"https:\\\/\\\/www.bestronger.be\\\/fr\\\/immo-pack\\\/#breadcrumb\",\"itemListElement\":[{\"@type\":\"ListItem\",\"position\":1,\"name\":\"Accueil\",\"item\":\"https:\\\/\\\/www.bestronger.be\\\/fr\\\/\"},{\"@type\":\"ListItem\",\"position\":2,\"name\":\"IMMO PACK by BE STRONGER\"}]},{\"@type\":\"WebSite\",\"@id\":\"https:\\\/\\\/www.bestronger.be\\\/fr\\\/#website\",\"url\":\"https:\\\/\\\/www.bestronger.be\\\/fr\\\/\",\"name\":\"Be-Stronger\",\"description\":\"LES COURTIERS EN ASSURANCES PROFESSIONNELS AU SERVICE DES ENTREPRISES\",\"publisher\":{\"@id\":\"https:\\\/\\\/www.bestronger.be\\\/fr\\\/#organization\"},\"potentialAction\":[{\"@type\":\"SearchAction\",\"target\":{\"@type\":\"EntryPoint\",\"urlTemplate\":\"https:\\\/\\\/www.bestronger.be\\\/fr\\\/?s={search_term_string}\"},\"query-input\":{\"@type\":\"PropertyValueSpecification\",\"valueRequired\":true,\"valueName\":\"search_term_string\"}}],\"inLanguage\":\"fr-FR\"},{\"@type\":\"Organization\",\"@id\":\"https:\\\/\\\/www.bestronger.be\\\/fr\\\/#organization\",\"name\":\"Be-Stronger\",\"url\":\"https:\\\/\\\/www.bestronger.be\\\/fr\\\/\",\"logo\":{\"@type\":\"ImageObject\",\"inLanguage\":\"fr-FR\",\"@id\":\"https:\\\/\\\/www.bestronger.be\\\/fr\\\/#\\\/schema\\\/logo\\\/image\\\/\",\"url\":\"https:\\\/\\\/www.bestronger.be\\\/wp-content\\\/uploads\\\/2018\\\/06\\\/BeStronger-loading.jpg\",\"contentUrl\":\"https:\\\/\\\/www.bestronger.be\\\/wp-content\\\/uploads\\\/2018\\\/06\\\/BeStronger-loading.jpg\",\"width\":294,\"height\":238,\"caption\":\"Be-Stronger\"},\"image\":{\"@id\":\"https:\\\/\\\/www.bestronger.be\\\/fr\\\/#\\\/schema\\\/logo\\\/image\\\/\"}}]}<\/script>\n<!-- \/ Yoast SEO plugin. -->","yoast_head_json":{"title":"IMMO PACK by BE STRONGER - BESTRONGER","robots":{"index":"index","follow":"follow","max-snippet":"max-snippet:-1","max-image-preview":"max-image-preview:large","max-video-preview":"max-video-preview:-1"},"canonical":"https:\/\/www.bestronger.be\/fr\/immo-pack\/","og_locale":"fr_FR","og_type":"article","og_title":"IMMO PACK by BE STRONGER - BESTRONGER","og_description":"[vc_row css=&#8221;.vc_custom_1574341858858{padding-top: 90px !important;padding-bottom: 20px !important;}&#8221;][vc_column animate=&#8221;fadeinup&#8221; delay=&#8221;0.5&#8243; duration=&#8221;0.5&#8243;][vc_column_text]IMMO PACK est destin\u00e9 aux propri\u00e9taires et aux syndics exigeants, qui accordent de l\u2019importance \u00e0 la pr\u00e9servation de leurs immeubles et de leur patrimoine, mais aussi \u00e0 la gestion efficace de la copropri\u00e9t\u00e9 dont ils ont la charge. De nombreux \u00e9v\u00e8nements d\u2019origines diverses peuvent affecter votre b\u00e2timent [&hellip;]","og_url":"https:\/\/www.bestronger.be\/fr\/immo-pack\/","og_site_name":"BESTRONGER","article_modified_time":"2021-10-29T07:20:55+00:00","twitter_card":"summary_large_image","twitter_misc":{"Dur\u00e9e de lecture estim\u00e9e":"3 minutes"},"schema":{"@context":"https:\/\/schema.org","@graph":[{"@type":"WebPage","@id":"https:\/\/www.bestronger.be\/fr\/immo-pack\/","url":"https:\/\/www.bestronger.be\/fr\/immo-pack\/","name":"IMMO PACK by BE STRONGER - BESTRONGER","isPartOf":{"@id":"https:\/\/www.bestronger.be\/fr\/#website"},"datePublished":"2020-05-13T09:50:29+00:00","dateModified":"2021-10-29T07:20:55+00:00","breadcrumb":{"@id":"https:\/\/www.bestronger.be\/fr\/immo-pack\/#breadcrumb"},"inLanguage":"fr-FR","potentialAction":[{"@type":"ReadAction","target":["https:\/\/www.bestronger.be\/fr\/immo-pack\/"]}]},{"@type":"BreadcrumbList","@id":"https:\/\/www.bestronger.be\/fr\/immo-pack\/#breadcrumb","itemListElement":[{"@type":"ListItem","position":1,"name":"Accueil","item":"https:\/\/www.bestronger.be\/fr\/"},{"@type":"ListItem","position":2,"name":"IMMO PACK by BE STRONGER"}]},{"@type":"WebSite","@id":"https:\/\/www.bestronger.be\/fr\/#website","url":"https:\/\/www.bestronger.be\/fr\/","name":"Be-Stronger","description":"LES COURTIERS EN ASSURANCES PROFESSIONNELS AU SERVICE DES ENTREPRISES","publisher":{"@id":"https:\/\/www.bestronger.be\/fr\/#organization"},"potentialAction":[{"@type":"SearchAction","target":{"@type":"EntryPoint","urlTemplate":"https:\/\/www.bestronger.be\/fr\/?s={search_term_string}"},"query-input":{"@type":"PropertyValueSpecification","valueRequired":true,"valueName":"search_term_string"}}],"inLanguage":"fr-FR"},{"@type":"Organization","@id":"https:\/\/www.bestronger.be\/fr\/#organization","name":"Be-Stronger","url":"https:\/\/www.bestronger.be\/fr\/","logo":{"@type":"ImageObject","inLanguage":"fr-FR","@id":"https:\/\/www.bestronger.be\/fr\/#\/schema\/logo\/image\/","url":"https:\/\/www.bestronger.be\/wp-content\/uploads\/2018\/06\/BeStronger-loading.jpg","contentUrl":"https:\/\/www.bestronger.be\/wp-content\/uploads\/2018\/06\/BeStronger-loading.jpg","width":294,"height":238,"caption":"Be-Stronger"},"image":{"@id":"https:\/\/www.bestronger.be\/fr\/#\/schema\/logo\/image\/"}}]}},"_links":{"self":[{"href":"https:\/\/www.bestronger.be\/fr\/wp-json\/wp\/v2\/pages\/1813","targetHints":{"allow":["GET"]}}],"collection":[{"href":"https:\/\/www.bestronger.be\/fr\/wp-json\/wp\/v2\/pages"}],"about":[{"href":"https:\/\/www.bestronger.be\/fr\/wp-json\/wp\/v2\/types\/page"}],"author":[{"embeddable":true,"href":"https:\/\/www.bestronger.be\/fr\/wp-json\/wp\/v2\/users\/1"}],"replies":[{"embeddable":true,"href":"https:\/\/www.bestronger.be\/fr\/wp-json\/wp\/v2\/comments?post=1813"}],"version-history":[{"count":0,"href":"https:\/\/www.bestronger.be\/fr\/wp-json\/wp\/v2\/pages\/1813\/revisions"}],"wp:attachment":[{"href":"https:\/\/www.bestronger.be\/fr\/wp-json\/wp\/v2\/media?parent=1813"}],"curies":[{"name":"wp","href":"https:\/\/api.w.org\/{rel}","templated":true}]}}